{"id":587217,"date":"2020-01-20T12:16:37","date_gmt":"2020-01-20T11:16:37","guid":{"rendered":"http:\/\/we-search.be\/?page_id=587217"},"modified":"2021-07-07T09:22:04","modified_gmt":"2021-07-07T07:22:04","slug":"le-projet-2019-2021","status":"publish","type":"page","link":"https:\/\/we-search.be\/index.php\/le-projet-2019-2021\/","title":{"rendered":"Le projet 2019-2021"},"content":{"rendered":"<div id=\"pl-587217\"  class=\"panel-layout\" ><div id=\"pg-587217-0\"  class=\"panel-grid panel-has-style\" ><div class=\"panel-row-style panel-row-style-for-587217-0\" ><div id=\"pgc-587217-0-0\"  class=\"panel-grid-cell\" ><div id=\"panel-587217-0-0-0\" class=\"so-panel widget widget_sow-editor panel-first-child panel-last-child\" data-index=\"0\" ><div\n\t\t\t\n\t\t\tclass=\"so-widget-sow-editor so-widget-sow-editor-base\"\n\t\t\t\n\t\t>\n<div class=\"siteorigin-widget-tinymce textwidget\">\n\t<p style=\"text-align: center\"><span style=\"color: #f16c20\">Le projet 2019-2021 \u00e9tait la premi\u00e8re \u00e9dition bisannuelle du projet We-Search! Il a cependant \u00e9t\u00e9 marqu\u00e9 par la pand\u00e9mie de COVID-19 et sa r\u00e9alisation a donc \u00e9t\u00e9 mise \u00e0 mal. Le paradoxe de cette double ann\u00e9e th\u00e9matique, \"Mon m\u00e9decin est-il en bonne sant\u00e9\", c'est qu'elle \u00e9tait cependant tout \u00e0 fait actuelle. La pand\u00e9mie a cependant permis \u00e0 notre association de r\u00e9orienter \u00e0 nouveau ses projets. Plus d'infos sur la page d\u00e9di\u00e9e \u00e0 <a href=\"https:\/\/we-search.be\/index.php\/qui-sommes-nous\/\">notre histoire<\/a>.<\/span><\/p>\n<\/div>\n<\/div><\/div><\/div><\/div><\/div><div id=\"pg-587217-1\"  class=\"panel-grid panel-no-style\" ><div id=\"pgc-587217-1-0\"  class=\"panel-grid-cell\" ><div id=\"panel-587217-1-0-0\" class=\"so-panel widget widget_sow-headline panel-first-child\" data-index=\"1\" ><div\n\t\t\t\n\t\t\tclass=\"so-widget-sow-headline so-widget-sow-headline-default-adda01de3a8f-587217 so-widget-fittext-wrapper\"\n\t\t\t data-fit-text-compressor=\"0.85\"\n\t\t><div class=\"sow-headline-container \">\n\t\t\t\t\t\t\t<h1 class=\"sow-headline\">\n\t\t\t\t\t\tMON MEDECIN EST-IL EN BONNE SANTE ?\t\t\t\t\t\t<\/h1>\n\t\t\t\t\t\t\t\t\t\t\t<div class=\"decoration\">\n\t\t\t\t\t\t<div class=\"decoration-inside\"><\/div>\n\t\t\t\t\t<\/div>\n\t\t\t\t\t<\/div>\n<\/div><\/div><div id=\"panel-587217-1-0-1\" class=\"so-panel widget widget_sow-editor panel-last-child\" data-index=\"2\" ><div\n\t\t\t\n\t\t\tclass=\"so-widget-sow-editor so-widget-sow-editor-base\"\n\t\t\t\n\t\t>\n<div class=\"siteorigin-widget-tinymce textwidget\">\n\t<p><span data-contrast=\"auto\">Le projet a <\/span><strong>pour th\u00e9matique le monde hospitalier, qui est en crise<\/strong><span data-contrast=\"auto\">. Depuis plusieurs ann\u00e9es, les\u00a0<\/span><span data-contrast=\"auto\">manifestations et gr\u00e8ves de personnel<\/span><span data-contrast=\"auto\">\u00a0soignant sont fr\u00e9quentes, en Belgique comme dans d\u2019autres pays. Les \u00e9tudes de m\u00e9decine sont<\/span><span data-contrast=\"auto\">\u00a0<\/span><span data-contrast=\"auto\">l\u2019objet de nombreuses controverses et questionnement.\u00a0<\/span><span data-contrast=\"auto\">Les t\u00e9moignages de patients mais aussi de jeunes m\u00e9decins\u00a0<\/span><span data-contrast=\"auto\">illustrent <strong>une forme de<\/strong><\/span><strong>\u00a0violence parfois latente au sein des h\u00f4pitaux et dans la relation de soin<\/strong><span data-contrast=\"auto\">.\u00a0<\/span><span data-contrast=\"auto\">Ces d\u00e9bats se cristallisent \u00e0 la fois en une opposition entre Communaut\u00e9s \u2013 les mati\u00e8res de sant\u00e9 relevant de ces-derni\u00e8res \u2013 et en une opposition politique \u2013 <strong>entre les tenants d\u2019une\u00a0<\/strong><\/span><strong>lib\u00e9ralisation du monde m\u00e9dical et ceux d\u2019un protectionnisme accru<\/strong><span data-contrast=\"auto\">. Plusieurs d\u00e9fis font du monde hospitalier un sujet d\u2019\u00e9tude passionnant.\u00a0<\/span><span data-contrast=\"auto\"><a href=\"http:\/\/we-search.be\/index.php\/le-projet-2019-2021\/\">L'appel \u00e0 contributions<\/a> concernait trois axes, qui feront l'objet d'\u00e9v\u00e8nements ponctuels :<\/span><\/p>\n<\/div>\n<\/div><\/div><\/div><\/div><div id=\"pg-587217-2\"  class=\"panel-grid panel-has-style\" ><div class=\"siteorigin-panels-stretch panel-row-style panel-row-style-for-587217-2\" data-stretch-type=\"full-stretched\" ><div id=\"pgc-587217-2-0\"  class=\"panel-grid-cell\" ><div id=\"panel-587217-2-0-0\" class=\"so-panel widget widget_sow-editor panel-first-child\" data-index=\"3\" ><div\n\t\t\t\n\t\t\tclass=\"so-widget-sow-editor so-widget-sow-editor-base\"\n\t\t\t\n\t\t>\n<div class=\"siteorigin-widget-tinymce textwidget\">\n\t<\/div>\n<\/div><\/div><div id=\"panel-587217-2-0-1\" class=\"so-panel widget widget_sow-headline panel-last-child\" data-index=\"4\" ><div\n\t\t\t\n\t\t\tclass=\"so-widget-sow-headline so-widget-sow-headline-default-4bf292fda335-587217 so-widget-fittext-wrapper\"\n\t\t\t data-fit-text-compressor=\"0.85\"\n\t\t><div class=\"sow-headline-container \">\n\t\t\t\t\t\t\t<h1 class=\"sow-headline\">\n\t\t\t\t\t\tAXE 1: DROIT ET SANTE\t\t\t\t\t\t<\/h1>\n\t\t\t\t\t\t<\/div>\n<\/div><\/div><\/div><\/div><\/div><div id=\"pg-587217-3\"  class=\"panel-grid panel-no-style\" ><div id=\"pgc-587217-3-0\"  class=\"panel-grid-cell\" ><div id=\"panel-587217-3-0-0\" class=\"so-panel widget widget_sow-editor panel-first-child panel-last-child\" data-index=\"5\" ><div\n\t\t\t\n\t\t\tclass=\"so-widget-sow-editor so-widget-sow-editor-base\"\n\t\t\t\n\t\t>\n<div class=\"siteorigin-widget-tinymce textwidget\">\n\t<p><span data-contrast=\"auto\">Loin de la premi\u00e8re pr\u00e9occupation qui est celle d\u2019un h\u00f4pital \u2013 la sant\u00e9 de ses patients \u2013 <strong>un grand nombre d\u2019interactions en son sein se font au prisme du droit<\/strong>.\u00a0<\/span><span data-contrast=\"auto\">Soigner<\/span><span data-contrast=\"auto\">, oui, mais surtout<\/span><span data-contrast=\"auto\">\u00a0<\/span><span data-contrast=\"auto\"><strong>\u00e9viter les risques juridiques<\/strong>\u00a0<\/span><span data-contrast=\"auto\">est devenu un lieu commun du soin hospitalier qu'il est n\u00e9cessaire d'explorer. En effet, le monde hospitalier n'est pas \u00e9tranger \u00e0 des <strong>situations\u202fconflictuelles\u202fque la loi encadre<\/strong><\/span><strong>, et notamment en termes\u00a0<\/strong><span data-contrast=\"auto\"><strong>\u00e9thiques<\/strong>. Le soignant sera donc amen\u00e9 \u00e0 <strong>suivre diverses proc\u00e9dures \u00e9crites<\/strong> \u2013 en premier lieu la tenue de rapports sur les soins donn\u00e9s \u2013 pour se prot\u00e9ger de potentielles attaques. Ainsi les questions suivantes se posent\u202f:\u00a0\u00a0<\/span><strong>Quelle place la loi occupe dans les soins donn\u00e9s aux patients\u202f? Un m\u00e9decin peut-il refuser de soigner un patient irrespectueux\u202f? Comment garder le secret professionnel\u202f? Qu'est-ce qu'un m\u00e9diateur hospitalier et quel r\u00f4le joue-t-il \u00e0 l'h\u00f4pital\u202f?\u202f<\/strong><span data-ccp-props=\"{&quot;335551550&quot;:6,&quot;335551620&quot;:6,&quot;335559740&quot;:276}\">\u00a0<\/span><\/p>\n<\/div>\n<\/div><\/div><\/div><\/div><div id=\"pg-587217-4\"  class=\"panel-grid panel-has-style\" ><div class=\"siteorigin-panels-stretch panel-row-style panel-row-style-for-587217-4\" data-stretch-type=\"full-stretched\" ><div id=\"pgc-587217-4-0\"  class=\"panel-grid-cell\" ><div id=\"panel-587217-4-0-0\" class=\"so-panel widget widget_sow-editor panel-first-child\" data-index=\"6\" ><div\n\t\t\t\n\t\t\tclass=\"so-widget-sow-editor so-widget-sow-editor-base\"\n\t\t\t\n\t\t>\n<div class=\"siteorigin-widget-tinymce textwidget\">\n\t<\/div>\n<\/div><\/div><div id=\"panel-587217-4-0-1\" class=\"so-panel widget widget_sow-headline panel-last-child\" data-index=\"7\" ><div\n\t\t\t\n\t\t\tclass=\"so-widget-sow-headline so-widget-sow-headline-default-4bf292fda335-587217 so-widget-fittext-wrapper\"\n\t\t\t data-fit-text-compressor=\"0.85\"\n\t\t><div class=\"sow-headline-container \">\n\t\t\t\t\t\t\t<h1 class=\"sow-headline\">\n\t\t\t\t\t\tAXE 2: CONFLITS DE LEGITIMITE DANS LA RELATION MEDECIN-PATIENT\t\t\t\t\t\t<\/h1>\n\t\t\t\t\t\t<\/div>\n<\/div><\/div><\/div><\/div><\/div><div id=\"pg-587217-5\"  class=\"panel-grid panel-no-style\" ><div id=\"pgc-587217-5-0\"  class=\"panel-grid-cell\" ><div id=\"panel-587217-5-0-0\" class=\"so-panel widget widget_sow-editor panel-first-child panel-last-child\" data-index=\"8\" ><div\n\t\t\t\n\t\t\tclass=\"so-widget-sow-editor so-widget-sow-editor-base\"\n\t\t\t\n\t\t>\n<div class=\"siteorigin-widget-tinymce textwidget\">\n\t<p><span data-contrast=\"auto\">A l\u2019heure d\u2019internet, <strong>le monde m\u00e9dical n\u2019\u00e9chappe pas \u00e0 la remise en question de l\u2019autorit\u00e9 traditionnelle du m\u00e9decin et de son diagnostic<\/strong><\/span><span data-contrast=\"auto\">, d<\/span><span data-contrast=\"auto\">e m\u00eame\u00a0<\/span><span data-contrast=\"auto\">que<\/span><span data-contrast=\"auto\">\u00a0les autorit\u00e9s politiques, les professeurs, ou le forces de l\u2019ordre<\/span><span data-contrast=\"auto\">, etc. L<\/span><span data-contrast=\"auto\">es patients ne sont plus de simples \u00ab\u202fvictimes<\/span><span data-contrast=\"auto\">\u00a0consentantes<\/span><span data-contrast=\"auto\">\u202f\u00bb de l\u2019action du prestataire de soins mais aussi des citoyens avertis, qui veulent faire usage de leur esprit critique. En r\u00e9sultent des <strong>conflits dans la relation soignant-patient,<\/strong><\/span><span data-contrast=\"auto\"><strong>\u00a0et une crise de confiance g\u00e9n\u00e9ralis\u00e9e<\/strong>. Sur ce th\u00e8me, diverses questions peuvent se poser, notamment en lien avec le <strong>d\u00e9veloppement d\u2019experts profanes<\/strong> sur divers sujets m\u00e9dicaux tels que les vaccins, et sur <strong>la place d\u2019internet dans l\u2019information du patient<\/strong>.<\/span><span data-ccp-props=\"{&quot;335551550&quot;:6,&quot;335551620&quot;:6,&quot;335559740&quot;:276}\">\u00a0<\/span><\/p>\n<p>&nbsp;<\/p>\n<\/div>\n<\/div><\/div><\/div><\/div><div id=\"pg-587217-6\"  class=\"panel-grid panel-has-style\" ><div class=\"siteorigin-panels-stretch panel-row-style panel-row-style-for-587217-6\" data-stretch-type=\"full-stretched\" ><div id=\"pgc-587217-6-0\"  class=\"panel-grid-cell\" ><div id=\"panel-587217-6-0-0\" class=\"so-panel widget widget_sow-editor panel-first-child\" data-index=\"9\" ><div\n\t\t\t\n\t\t\tclass=\"so-widget-sow-editor so-widget-sow-editor-base\"\n\t\t\t\n\t\t>\n<div class=\"siteorigin-widget-tinymce textwidget\">\n\t<\/div>\n<\/div><\/div><div id=\"panel-587217-6-0-1\" class=\"so-panel widget widget_sow-headline panel-last-child\" data-index=\"10\" ><div\n\t\t\t\n\t\t\tclass=\"so-widget-sow-headline so-widget-sow-headline-default-4bf292fda335-587217 so-widget-fittext-wrapper\"\n\t\t\t data-fit-text-compressor=\"0.85\"\n\t\t><div class=\"sow-headline-container \">\n\t\t\t\t\t\t\t<h1 class=\"sow-headline\">\n\t\t\t\t\t\tAXE 3: L'H\u00d4PITAL COMME LIEU DE TRAVAIL\t\t\t\t\t\t<\/h1>\n\t\t\t\t\t\t<\/div>\n<\/div><\/div><\/div><\/div><\/div><div id=\"pg-587217-7\"  class=\"panel-grid panel-no-style\" ><div id=\"pgc-587217-7-0\"  class=\"panel-grid-cell\" ><div id=\"panel-587217-7-0-0\" class=\"so-panel widget widget_sow-editor panel-first-child panel-last-child\" data-index=\"11\" ><div\n\t\t\t\n\t\t\tclass=\"so-widget-sow-editor so-widget-sow-editor-base\"\n\t\t\t\n\t\t>\n<div class=\"siteorigin-widget-tinymce textwidget\">\n\t<p><span data-contrast=\"auto\">Un h\u00f4pital n\u2019est <strong>pas seulement un \u00e9tablissement de soins<\/strong><\/span><span data-contrast=\"auto\"><strong>\u00a0visant \u00e0 accueillir des patients, c\u2019est aussi un lieu de travail.<\/strong> Et comme tout lieu de travail, il est <strong>soumis \u00e0 des conflits, des luttes intestines parfois violentes, et des \u00e9volutions<\/strong> qui sont \u00e0 nouveau le miroir d\u2019\u00e9volutions plus g\u00e9n\u00e9rales du monde du travail. A l\u2019heure du\u00a0<\/span><i><span data-contrast=\"auto\">burn<\/span><\/i><i><span data-contrast=\"auto\">\u00a0out<\/span><\/i><span data-contrast=\"auto\">, et en parall\u00e8le, d\u2019une <strong>recherche\u00a0<\/strong><\/span><span data-contrast=\"auto\"><strong>chez les jeunes travailleurs d\u2019un meilleur \u00e9quilibre entre vie priv\u00e9e et professionnelle,<\/strong> l\u2019h\u00f4pital est un biotope particuli\u00e8rement int\u00e9ressant. En effet, diverses questions peuvent se poser quant aux c<strong>onflits entre jeunes et vieux m\u00e9decins, \u00e0 l\u2019exploitation des plus jeunes et moins exp\u00e9riment\u00e9s<\/strong> par leurs sup\u00e9rieurs, au <strong>d\u00e9veloppement de mouvements de r\u00e9sistance face \u00e0 la marchandisation du secteur<\/strong>.<\/span><span data-ccp-props=\"{&quot;335551550&quot;:6,&quot;335551620&quot;:6,&quot;335559740&quot;:276}\">\u00a0<\/span><\/p>\n<p>&nbsp;<\/p>\n<\/div>\n<\/div><\/div><\/div><\/div><div id=\"pg-587217-8\"  class=\"panel-grid panel-has-style\" ><div class=\"siteorigin-panels-stretch panel-row-style panel-row-style-for-587217-8\" data-stretch-type=\"full-stretched\" ><div id=\"pgc-587217-8-0\"  class=\"panel-grid-cell\" ><div id=\"panel-587217-8-0-0\" class=\"so-panel widget widget_sow-headline panel-first-child panel-last-child\" data-index=\"12\" ><div\n\t\t\t\n\t\t\tclass=\"so-widget-sow-headline so-widget-sow-headline-default-adda01de3a8f-587217 so-widget-fittext-wrapper\"\n\t\t\t data-fit-text-compressor=\"0.85\"\n\t\t><div class=\"sow-headline-container \">\n\t\t\t\t\t\t\t<h1 class=\"sow-headline\">\n\t\t\t\t\t\tEVENEMENTS &amp; ACTIVITES\t\t\t\t\t\t<\/h1>\n\t\t\t\t\t\t\t\t\t\t\t<div class=\"decoration\">\n\t\t\t\t\t\t<div class=\"decoration-inside\"><\/div>\n\t\t\t\t\t<\/div>\n\t\t\t\t\t<\/div>\n<\/div><\/div><\/div><\/div><\/div><div id=\"pg-587217-9\"  class=\"panel-grid panel-no-style\" ><div id=\"pgc-587217-9-0\"  class=\"panel-grid-cell\" ><div id=\"panel-587217-9-0-0\" class=\"so-panel widget widget_sow-editor panel-first-child\" data-index=\"13\" ><div\n\t\t\t\n\t\t\tclass=\"so-widget-sow-editor so-widget-sow-editor-base\"\n\t\t\t\n\t\t>\n<div class=\"siteorigin-widget-tinymce textwidget\">\n\t<p><span data-contrast=\"auto\">Le projet 2019-2021 s'organisera autour de plusieurs temps forts.<\/span><\/p>\n<p>&nbsp;<\/p>\n<p><a href=\"https:\/\/i0.wp.com\/we-search.be\/wp-content\/uploads\/2020\/01\/Programme-ge%CC%81ne%CC%81ral-2019-2021.png\"><img data-attachment-id=\"587239\" data-permalink=\"https:\/\/we-search.be\/index.php\/le-projet-2019-2021\/programme-general-2019-2021\/\" data-orig-file=\"https:\/\/i0.wp.com\/we-search.be\/wp-content\/uploads\/2020\/01\/Programme-ge%CC%81ne%CC%81ral-2019-2021.png?fit=1806%2C520&amp;ssl=1\" data-orig-size=\"1806,520\" data-comments-opened=\"1\" data-image-meta=\"{&quot;aperture&quot;:&quot;0&quot;,&quot;credit&quot;:&quot;&quot;,&quot;camera&quot;:&quot;&quot;,&quot;caption&quot;:&quot;&quot;,&quot;created_timestamp&quot;:&quot;0&quot;,&quot;copyright&quot;:&quot;&quot;,&quot;focal_length&quot;:&quot;0&quot;,&quot;iso&quot;:&quot;0&quot;,&quot;shutter_speed&quot;:&quot;0&quot;,&quot;title&quot;:&quot;&quot;,&quot;orientation&quot;:&quot;0&quot;}\" data-image-title=\"Programme ge\u0301ne\u0301ral 2019-2021\" data-image-description=\"\" data-image-caption=\"\" data-large-file=\"https:\/\/i0.wp.com\/we-search.be\/wp-content\/uploads\/2020\/01\/Programme-ge%CC%81ne%CC%81ral-2019-2021.png?fit=730%2C210&amp;ssl=1\" data-recalc-dims=\"1\" loading=\"lazy\" decoding=\"async\" class=\"aligncenter size-full wp-image-587239\" src=\"https:\/\/i0.wp.com\/we-search.be\/wp-content\/uploads\/2020\/01\/Programme-ge%CC%81ne%CC%81ral-2019-2021.png?resize=730%2C210\" alt=\"\" width=\"730\" height=\"210\" srcset=\"https:\/\/i0.wp.com\/we-search.be\/wp-content\/uploads\/2020\/01\/Programme-ge%CC%81ne%CC%81ral-2019-2021.png?w=1806&amp;ssl=1 1806w, https:\/\/i0.wp.com\/we-search.be\/wp-content\/uploads\/2020\/01\/Programme-ge%CC%81ne%CC%81ral-2019-2021.png?resize=300%2C86&amp;ssl=1 300w, https:\/\/i0.wp.com\/we-search.be\/wp-content\/uploads\/2020\/01\/Programme-ge%CC%81ne%CC%81ral-2019-2021.png?resize=1024%2C295&amp;ssl=1 1024w, https:\/\/i0.wp.com\/we-search.be\/wp-content\/uploads\/2020\/01\/Programme-ge%CC%81ne%CC%81ral-2019-2021.png?resize=768%2C221&amp;ssl=1 768w, https:\/\/i0.wp.com\/we-search.be\/wp-content\/uploads\/2020\/01\/Programme-ge%CC%81ne%CC%81ral-2019-2021.png?resize=1536%2C442&amp;ssl=1 1536w, https:\/\/i0.wp.com\/we-search.be\/wp-content\/uploads\/2020\/01\/Programme-ge%CC%81ne%CC%81ral-2019-2021.png?resize=250%2C72&amp;ssl=1 250w, https:\/\/i0.wp.com\/we-search.be\/wp-content\/uploads\/2020\/01\/Programme-ge%CC%81ne%CC%81ral-2019-2021.png?w=1460&amp;ssl=1 1460w\" sizes=\"auto, (max-width: 730px) 100vw, 730px\" \/><\/a><\/p>\n<\/div>\n<\/div><\/div><div id=\"panel-587217-9-0-1\" class=\"so-panel widget widget_sow-editor panel-last-child\" data-index=\"14\" ><div\n\t\t\t\n\t\t\tclass=\"so-widget-sow-editor so-widget-sow-editor-base\"\n\t\t\t\n\t\t>\n<div class=\"siteorigin-widget-tinymce textwidget\">\n\t<p><a href=\"https:\/\/i0.wp.com\/we-search.be\/wp-content\/uploads\/2020\/01\/Proggramme-ge%CC%81ne%CC%81ral-v2.png\"><img data-attachment-id=\"592311\" data-permalink=\"https:\/\/we-search.be\/index.php\/le-projet-2019-2021\/proggramme-general-v2\/\" data-orig-file=\"https:\/\/i0.wp.com\/we-search.be\/wp-content\/uploads\/2020\/01\/Proggramme-ge%CC%81ne%CC%81ral-v2.png?fit=1920%2C1080&amp;ssl=1\" data-orig-size=\"1920,1080\" data-comments-opened=\"1\" data-image-meta=\"{&quot;aperture&quot;:&quot;0&quot;,&quot;credit&quot;:&quot;&quot;,&quot;camera&quot;:&quot;&quot;,&quot;caption&quot;:&quot;&quot;,&quot;created_timestamp&quot;:&quot;0&quot;,&quot;copyright&quot;:&quot;&quot;,&quot;focal_length&quot;:&quot;0&quot;,&quot;iso&quot;:&quot;0&quot;,&quot;shutter_speed&quot;:&quot;0&quot;,&quot;title&quot;:&quot;&quot;,&quot;orientation&quot;:&quot;0&quot;}\" data-image-title=\"Proggramme ge\u0301ne\u0301ral v2\" data-image-description=\"\" data-image-caption=\"\" data-large-file=\"https:\/\/i0.wp.com\/we-search.be\/wp-content\/uploads\/2020\/01\/Proggramme-ge%CC%81ne%CC%81ral-v2.png?fit=730%2C411&amp;ssl=1\" data-recalc-dims=\"1\" loading=\"lazy\" decoding=\"async\" class=\"aligncenter size-full wp-image-592311\" src=\"https:\/\/i0.wp.com\/we-search.be\/wp-content\/uploads\/2020\/01\/Proggramme-ge%CC%81ne%CC%81ral-v2.png?resize=730%2C411\" alt=\"\" width=\"730\" height=\"411\" srcset=\"https:\/\/i0.wp.com\/we-search.be\/wp-content\/uploads\/2020\/01\/Proggramme-ge%CC%81ne%CC%81ral-v2.png?w=1920&amp;ssl=1 1920w, https:\/\/i0.wp.com\/we-search.be\/wp-content\/uploads\/2020\/01\/Proggramme-ge%CC%81ne%CC%81ral-v2.png?resize=300%2C169&amp;ssl=1 300w, https:\/\/i0.wp.com\/we-search.be\/wp-content\/uploads\/2020\/01\/Proggramme-ge%CC%81ne%CC%81ral-v2.png?resize=1024%2C576&amp;ssl=1 1024w, https:\/\/i0.wp.com\/we-search.be\/wp-content\/uploads\/2020\/01\/Proggramme-ge%CC%81ne%CC%81ral-v2.png?resize=768%2C432&amp;ssl=1 768w, https:\/\/i0.wp.com\/we-search.be\/wp-content\/uploads\/2020\/01\/Proggramme-ge%CC%81ne%CC%81ral-v2.png?resize=1536%2C864&amp;ssl=1 1536w, https:\/\/i0.wp.com\/we-search.be\/wp-content\/uploads\/2020\/01\/Proggramme-ge%CC%81ne%CC%81ral-v2.png?resize=250%2C141&amp;ssl=1 250w, https:\/\/i0.wp.com\/we-search.be\/wp-content\/uploads\/2020\/01\/Proggramme-ge%CC%81ne%CC%81ral-v2.png?w=1460&amp;ssl=1 1460w\" sizes=\"auto, (max-width: 730px) 100vw, 730px\" \/><\/a><\/p>\n<p><span data-contrast=\"auto\">Plus sp\u00e9cifiquement, le calendrier d'\u00e9v\u00e8nements de janvier \u00e0 juin 2020 est le suivant. Tous les \u00e9v\u00e8nements sont organis\u00e9s \u00e0 <a href=\"https:\/\/www.pointculture.be\/ulb\/\">PointCulture ULB<\/a> et sont ouverts \u00e0 tous. L'accueil se fait \u00e0 partir de 18h. Un ap\u00e9ro est offert par We-Search.<\/span><\/p>\n<p>PROCHAIN EVENEMENT:<\/p>\n<p><a href=\"https:\/\/i0.wp.com\/we-search.be\/wp-content\/uploads\/2020\/01\/Buffe%CC%81rence-1-banner.png\"><img data-attachment-id=\"592341\" data-permalink=\"https:\/\/we-search.be\/bufference-1-banner\/\" data-orig-file=\"https:\/\/i0.wp.com\/we-search.be\/wp-content\/uploads\/2020\/01\/Buffe%CC%81rence-1-banner.png?fit=820%2C312&amp;ssl=1\" data-orig-size=\"820,312\" data-comments-opened=\"1\" data-image-meta=\"{&quot;aperture&quot;:&quot;0&quot;,&quot;credit&quot;:&quot;&quot;,&quot;camera&quot;:&quot;&quot;,&quot;caption&quot;:&quot;&quot;,&quot;created_timestamp&quot;:&quot;0&quot;,&quot;copyright&quot;:&quot;&quot;,&quot;focal_length&quot;:&quot;0&quot;,&quot;iso&quot;:&quot;0&quot;,&quot;shutter_speed&quot;:&quot;0&quot;,&quot;title&quot;:&quot;&quot;,&quot;orientation&quot;:&quot;0&quot;}\" data-image-title=\"Buffe\u0301rence 1 &amp;#8211; banner\" data-image-description=\"\" data-image-caption=\"\" data-large-file=\"https:\/\/i0.wp.com\/we-search.be\/wp-content\/uploads\/2020\/01\/Buffe%CC%81rence-1-banner.png?fit=730%2C278&amp;ssl=1\" data-recalc-dims=\"1\" loading=\"lazy\" decoding=\"async\" class=\"aligncenter size-full wp-image-592341\" src=\"https:\/\/i0.wp.com\/we-search.be\/wp-content\/uploads\/2020\/01\/Buffe%CC%81rence-1-banner.png?resize=730%2C278\" alt=\"\" width=\"730\" height=\"278\" srcset=\"https:\/\/i0.wp.com\/we-search.be\/wp-content\/uploads\/2020\/01\/Buffe%CC%81rence-1-banner.png?w=820&amp;ssl=1 820w, https:\/\/i0.wp.com\/we-search.be\/wp-content\/uploads\/2020\/01\/Buffe%CC%81rence-1-banner.png?resize=300%2C114&amp;ssl=1 300w, https:\/\/i0.wp.com\/we-search.be\/wp-content\/uploads\/2020\/01\/Buffe%CC%81rence-1-banner.png?resize=768%2C292&amp;ssl=1 768w, https:\/\/i0.wp.com\/we-search.be\/wp-content\/uploads\/2020\/01\/Buffe%CC%81rence-1-banner.png?resize=250%2C95&amp;ssl=1 250w\" sizes=\"auto, (max-width: 730px) 100vw, 730px\" \/><\/a><\/p>\n<p><a href=\"http:\/\/we-search.be\/index.php\/event\/bufference-liberte-academique-et-recherche-scientifique-un-etat-des-lieux\/\">&gt;&gt; Informations et inscriptions<\/a><\/p>\n<p>&nbsp;<\/p>\n<p>&nbsp;<\/p>\n<p>&nbsp;<\/p>\n<\/div>\n<\/div><\/div><\/div><\/div><div id=\"pg-587217-10\"  class=\"panel-grid panel-no-style\" ><div id=\"pgc-587217-10-0\"  class=\"panel-grid-cell\" ><div id=\"panel-587217-10-0-0\" class=\"so-panel widget widget_ts_widgets_social_icons panel-first-child panel-last-child\" data-index=\"15\" >\t\t\n\t\t<div class=\"ts-widgets-social-icons\">\n\t\t\t<h3 class=\"widget-title\">Suivez-nous pour \u00eatre tenu au courant de nos activit\u00e9s<\/h3>\t\t\t<ul>\n\t\t\t\t\t\t\t\t<li class=\"ts-widgets-social-icons-facebook\"><a href=\"https:\/\/www.facebook.com\/WeSearchAsbl\/\" title=\"Facebook\">Facebook<\/a><\/li>\n\t\t\t\t\t\t\t\t\t\t<li class=\"ts-widgets-social-icons-linkedin\"><a href=\"https:\/\/www.linkedin.com\/company\/11397895\" title=\"LinkedIn\">LinkedIn<\/a><\/li>\n\t\t\t\t\t\t\t<\/div><!-- .ts-widgets-social-icons -->\n\t\t\n\t\t<\/div><\/div><div id=\"pgc-587217-10-1\"  class=\"panel-grid-cell\" ><div id=\"panel-587217-10-1-0\" class=\"so-panel widget widget_sow-editor panel-first-child panel-last-child\" data-index=\"16\" ><div\n\t\t\t\n\t\t\tclass=\"so-widget-sow-editor so-widget-sow-editor-base\"\n\t\t\t\n\t\t><h3 class=\"widget-title\">Envie d'en savoir plus ?<\/h3>\n<div class=\"siteorigin-widget-tinymce textwidget\">\n\t<p>Nous vous invitons \u00e0 consulter n<a href=\"http:\/\/we-search.be\/index.php\/participer\/\">otre page \"Participer\"<\/a> o\u00f9 vous trouverez toutes les informations. Toutes les questions relatives au projet peuvent \u00eatre pos\u00e9es via notre <a href=\"http:\/\/we-search.be\/index.php\/nous-contacter\/\">formulaire de contact<\/a>.<\/p>\n<\/div>\n<\/div><\/div><\/div><\/div><div id=\"pg-587217-11\"  class=\"panel-grid panel-no-style\" ><div id=\"pgc-587217-11-0\"  class=\"panel-grid-cell\" ><div id=\"panel-587217-11-0-0\" class=\"so-panel widget widget_sow-button panel-first-child panel-last-child\" data-index=\"17\" ><div\n\t\t\t\n\t\t\tclass=\"so-widget-sow-button so-widget-sow-button-atom-a77ffb57d239-587217\"\n\t\t\t\n\t\t><div class=\"ow-button-base ow-button-align-center\"\n>\n\t\t\t<a\n\t\t\t\t\thref=\"https:\/\/we-search.be\/?page_id=487251\"\n\t\t\t\t\tclass=\"sowb-button ow-icon-placement-left ow-button-hover\" target=\"_blank\" rel=\"noopener noreferrer\" \t>\n\t\t<span>\n\t\t\t<span class=\"sow-icon-elegantline\" data-sow-icon=\"&#xe032;\"\n\t\tstyle=\"\" \n\t\taria-hidden=\"true\"><\/span>\n\t\t\tVERS L'APPEL A CONTRIBUTIONS\t\t<\/span>\n\t\t\t<\/a>\n\t<\/div>\n<\/div><\/div><\/div><\/div><\/div><span class=\"et_bloom_bottom_trigger\"><\/span>","protected":false},"excerpt":{"rendered":"<p>Le projet 2019-2021 \u00e9tait la premi\u00e8re \u00e9dition bisannuelle du projet We-Search! Il a cependant \u00e9t\u00e9 marqu\u00e9 par la pand\u00e9mie de COVID-19 et sa r\u00e9alisation a donc \u00e9t\u00e9 mise \u00e0 mal.<a class=\"moretag\" href=\"https:\/\/we-search.be\/index.php\/le-projet-2019-2021\/\"><span class=\"screen-reader-text\">En savoir plus surLe projet 2019-2021<\/span>[&#8230;]<\/a><\/p>\n","protected":false},"author":4,"featured_media":0,"parent":0,"menu_order":0,"comment_status":"closed","ping_status":"closed","template":"","meta":{"jetpack_post_was_ever_published":false,"footnotes":""},"class_list":["post-587217","page","type-page","status-publish","hentry"],"jetpack_sharing_enabled":true,"jetpack_shortlink":"https:\/\/wp.me\/P9cJNf-2sLf","jetpack_likes_enabled":true,"jetpack-related-posts":[],"_links":{"self":[{"href":"https:\/\/we-search.be\/index.php\/wp-json\/wp\/v2\/pages\/587217","targetHints":{"allow":["GET"]}}],"collection":[{"href":"https:\/\/we-search.be\/index.php\/wp-json\/wp\/v2\/pages"}],"about":[{"href":"https:\/\/we-search.be\/index.php\/wp-json\/wp\/v2\/types\/page"}],"author":[{"embeddable":true,"href":"https:\/\/we-search.be\/index.php\/wp-json\/wp\/v2\/users\/4"}],"replies":[{"embeddable":true,"href":"https:\/\/we-search.be\/index.php\/wp-json\/wp\/v2\/comments?post=587217"}],"version-history":[{"count":8,"href":"https:\/\/we-search.be\/index.php\/wp-json\/wp\/v2\/pages\/587217\/revisions"}],"predecessor-version":[{"id":979775,"href":"https:\/\/we-search.be\/index.php\/wp-json\/wp\/v2\/pages\/587217\/revisions\/979775"}],"wp:attachment":[{"href":"https:\/\/we-search.be\/index.php\/wp-json\/wp\/v2\/media?parent=587217"}],"curies":[{"name":"wp","href":"https:\/\/api.w.org\/{rel}","templated":true}]}}